{"id":2652,"date":"2025-04-19T19:50:05","date_gmt":"2025-04-19T17:50:05","guid":{"rendered":"https:\/\/art-restauro.de\/?page_id=2652"},"modified":"2025-05-05T11:52:09","modified_gmt":"2025-05-05T09:52:09","slug":"draiflessen-collection-2-2","status":"publish","type":"page","link":"https:\/\/art-restauro.de\/en\/draiflessen-collection-2-2\/","title":{"rendered":"Draiflessen Collection"},"content":{"rendered":"\n<p>http:\/\/www.draiflessen.com<\/p>\n\n\n\n\n\n<div id=\"attachment_2630\" style=\"width: 310px\" class=\"wp-caption alignnone\"><img loading=\"lazy\" decoding=\"async\" aria-describedby=\"caption-attachment-2630\" class=\"size-medium wp-image-2630\" src=\"https:\/\/art-restauro.de\/wp-content\/uploads\/2025\/04\/Screenshot-2025-04-19-185057-300x206.png\" alt=\"Draiflessen Collection\" width=\"300\" height=\"206\" srcset=\"https:\/\/art-restauro.de\/wp-content\/uploads\/2025\/04\/Screenshot-2025-04-19-185057-300x206.png 300w, https:\/\/art-restauro.de\/wp-content\/uploads\/2025\/04\/Screenshot-2025-04-19-185057-1024x704.png 1024w, https:\/\/art-restauro.de\/wp-content\/uploads\/2025\/04\/Screenshot-2025-04-19-185057-768x528.png 768w, https:\/\/art-restauro.de\/wp-content\/uploads\/2025\/04\/Screenshot-2025-04-19-185057.png 1164w\" sizes=\"auto, (max-width: 300px) 100vw, 300px\" \/><p id=\"caption-attachment-2630\" class=\"wp-caption-text\">Unter der Oberfl\u00e4che, Tafelbilder und ihre Geheimnisse<\/p><\/div>\n<p><img loading=\"lazy\" decoding=\"async\" class=\"alignnone size-medium wp-image-2631\" src=\"https:\/\/art-restauro.de\/wp-content\/uploads\/2025\/04\/Screenshot-2025-04-19-185144-183x300.png\" alt=\"\" width=\"183\" height=\"300\" srcset=\"https:\/\/art-restauro.de\/wp-content\/uploads\/2025\/04\/Screenshot-2025-04-19-185144-183x300.png 183w, https:\/\/art-restauro.de\/wp-content\/uploads\/2025\/04\/Screenshot-2025-04-19-185144.png 487w\" sizes=\"auto, (max-width: 183px) 100vw, 183px\" \/><\/p>\n<p><img loading=\"lazy\" decoding=\"async\" class=\"alignnone size-medium wp-image-2632\" src=\"https:\/\/art-restauro.de\/wp-content\/uploads\/2025\/04\/Screenshot-2025-04-19-185319-300x204.png\" alt=\"\" width=\"300\" height=\"204\" srcset=\"https:\/\/art-restauro.de\/wp-content\/uploads\/2025\/04\/Screenshot-2025-04-19-185319-300x204.png 300w, https:\/\/art-restauro.de\/wp-content\/uploads\/2025\/04\/Screenshot-2025-04-19-185319-1024x697.png 1024w, https:\/\/art-restauro.de\/wp-content\/uploads\/2025\/04\/Screenshot-2025-04-19-185319-768x523.png 768w, https:\/\/art-restauro.de\/wp-content\/uploads\/2025\/04\/Screenshot-2025-04-19-185319-1536x1045.png 1536w, https:\/\/art-restauro.de\/wp-content\/uploads\/2025\/04\/Screenshot-2025-04-19-185319-2048x1393.png 2048w\" sizes=\"auto, (max-width: 300px) 100vw, 300px\" \/><\/p>\n\n\n\n<p><a href=\"http:\/\/draiflessen.com\">http:\/\/www.draiflessen.com<\/a><\/p>\n<p><a href=\"https:\/\/art-restauro.de\/wp-content\/uploads\/2025\/05\/Draiflessen-Collection-in-Mettingen-bei-Osnabrueck.docx\">Draiflessen Collection in Mettingen bei Osnabr\u00fcck<\/a><\/p>\n<p>\u00a0<\/p>\n<p><strong>Draiflessen Collection <\/strong><strong>in Mettingen bei Osnabr\u00fcck<\/strong><\/p>\n<p>2009 gr\u00fcndete die Unternehmer*innenfamilie Brenninkmeijer in ihrer westf\u00e4lischen Heimat Mettingen <em>Draiflessen<\/em>. Auf dem ehemaligen Produktionsgel\u00e4nde entstand neben dem modernen Konferenzzentrum ein nach h\u00f6chsten internationalen Standards geplantes Museum, die Draiflessen Collection, mit Pr\u00e4sentationsfl\u00e4chen f\u00fcr hochkar\u00e4tige Wechselausstellungen sowie modernsten Archiv- und Depotr\u00e4umen. <br \/>Den Besucher*innen bieten sich im Museum drei verschiedene Bereiche: <br \/>Die Hauptausstellungsfl\u00e4che (<a href=\"https:\/\/www.draiflessen.com\/articles\/1086?locale=de\"><strong>Main Space<\/strong><\/a>) mit wechselnden Pr\u00e4sentationen k\u00fcnstlerischer Arbeiten und internationaler Leihgaben, der <a href=\"https:\/\/www.draiflessen.com\/articles\/985?locale=de\"><strong>Studiensaal<\/strong><\/a> mit der <em>Liberna Collection<\/em> und wechselnden Ausstellungen aus dem herausragenden Bestand an Buchkunst und Grafik mit Schwerpunkt im 15. und 17. Jahrhundert sowie <a href=\"https:\/\/www.draiflessen.com\/articles\/986?locale=de\"><strong>DAS Forum<\/strong><\/a> als Plattform f\u00fcr die Familienunternehmensforschung, das Einblicke in die wissenschaftliche Arbeit mit Archiv und Sammlung pr\u00e4sentiert. <br \/>Bitte beachten: Da unsere Sammlungen nicht dauerhaft in einer st\u00e4ndigen Ausstellung pr\u00e4sentiert werden k\u00f6nnen, stellen wir ausgew\u00e4hlte Objekte aus <a href=\"https:\/\/www.draiflessen.com\/items\/collections\/Kunst?locale=de\"><strong>Kunst<\/strong><\/a> und <a href=\"https:\/\/eur03.safelinks.protection.outlook.com\/?url=https%3A%2F%2Fwww.draiflessen.com%2Fitems%2Fcollections%2FUnternehmen%3Flocale%3Dde&amp;data=05%7C02%7Ctanja.elshamsy%40draiflessen.com%7C62c4ddc0c0484222bd3608dcde10d4e6%7Cf50c4e077e414a5d9cb0de6e757075c3%7C0%7C0%7C638629411119991845%7CUnknown%7CTWFpbGZsb3d8eyJWIjoiMC4wLjAwMDAiLCJQIjoiV2luMzIiLCJBTiI6Ik1haWwiLCJXVCI6Mn0%3D%7C0%7C%7C%7C&amp;sdata=POFHFZSB067nYdyb9JJZZMNgel7k9tU2WJPQzSLU7w0%3D&amp;reserved=0\"><strong>Unternehmen<\/strong><\/a> online genauer vor und geben so einen Einblick, was sich in unseren Depots befindet.<br \/>\u00a0<br \/>Von Beginn an ist die Draiflessen Collection als ein Ort der Begegnung gedacht. Es geht darum, Erfahrungen auszutauschen und weiterzugeben, ebenso wie andere Perspektiven kennenzulernen und anzuerkennen. Alle Ausstellungen werden durch ein umfangreiches Programm von Vermittlungsangeboten, Workshops und Exkursionen f\u00fcr Menschen unterschiedlichen Alters sowie k\u00f6rperlicher und geistiger F\u00e4higkeiten begleitet.<br \/><br \/>Die Vorfahren der Gr\u00fcnder*innenfamilie Brenninkmeijer geh\u00f6rten den sogenannten T\u00fc\u00f6tten an, westf\u00e4lische Wanderh\u00e4ndler, die vor allem im 17. und 18. Jahrhundert durch Deutschland und Nordeuropa zogen, um mit Leinen Handel zu treiben. In der Wahl des Standorts f\u00fcr Draiflessen hat die Unternehmer*innenfamilie bewusst an ihre westf\u00e4lischen Wurzeln und ihren Heimatort Mettingen angekn\u00fcpft. Gleichzeitig war damit die Entscheidung verbunden, mit einem Kunstmuseum abseits der Metropolen das Angebot an kulturellen Einrichtungen in der Region zu erweitern.\u00a0<br \/><br \/>Der Name \u201eDraiflessen\u201c [d\u0281a\u02d0\u02c8fl\u025bsn] ist eine Wortkonstruktion, die aus der alten Geheimsprache der T\u00fc\u00f6tten abgeleitet wurde. In seinen beiden Wortst\u00e4mmen \u201edrai\u201c (Bedeutung: drei, Dreifaltigkeit, drehen, Handel treiben) und \u201eflessen\u201c (Bedeutung: Flachs, Leinen, Heimat) kommen f\u00fcr die Gr\u00fcnderfamilie bedeutsame Themen zum Ausdruck: ihre enge Verbindung mit ihren westf\u00e4lischen Urspr\u00fcngen, ihr christlicher Glaube und ihr Unternehmer*innentum, das seinerzeit im Textilhandel seinen Anfang genommen hat.<\/p>\n<p>\u00a0<\/p>\n<p><strong>Adresse:<\/strong><\/p>\n<p>www.draiflessen.com<\/p>\n<p><strong>Draiflessen Collection<\/strong><\/p>\n<p>Georgstr. 18<br \/>49497 Mettingen<\/p>\n<p><a href=\"callto:0049545291683500\">Tel.: +49 (0)5452. 91 68-3500<\/a><br \/>info@draiflessen.com<\/p>\n<p><strong>\u00d6ffnungszeiten<\/strong><\/p>\n<p>Mittwoch &#8211; Sonntags<br \/>von 11 bis 17 Uhr<\/p>\n<p>jeder erste Donnerstag im Monat<br \/>von 11 bis 21 Uhr<\/p>\n<p>Montags und Dienstags geschlossen<\/p>\n<p>\u00a9 Draiflessen Collection<\/p>\n<p>\u00a0<\/p>\n<p>\u00a0<\/p>\n\n\n\n\n","protected":false},"excerpt":{"rendered":"<p>Unter der Oberfl\u00e4che, Tafelbilder und ihre Geheimnisse<\/p>","protected":false},"author":5,"featured_media":2630,"parent":0,"menu_order":2,"comment_status":"closed","ping_status":"closed","template":"","meta":{"footnotes":""},"class_list":["post-2652","page","type-page","status-publish","has-post-thumbnail","hentry"],"yoast_head":"<!-- This site is optimized with the Yoast SEO plugin v27.5 - https:\/\/yoast.com\/product\/yoast-seo-wordpress\/ -->\n<title>Draiflessen Collection - ART RESTAURO<\/title>\n<meta name=\"description\" content=\"500 j\u00e4hriges Jubil\u00e4um des Antwerpener Schnitzaltars aus der Altst\u00e4dter St. Nicolaikirche in Bielefeld EINLADUNG 500 Jahre Antwerpener Altar der Altst\u00e4dter Nicolaikirche \/\/ Vortr\u00e4ge Restaurierungsarbeiten 3D-Aufnahmen des ganzen Altars 3D- Projekt 3D- Brille Kooperation mit dem Historischen Museum in Bielefeld, mit dem F\u00f6rderkreis Altst\u00e4dter Nicolaikirche FAN, mit der Firma F7-Digital aus Leipzig, Pr\u00e4sentation und Erstauff\u00fchrung wird am Freitag, den 13. September 2024 (ab 11:00) in den R\u00e4umlichkeiten des Historischen Museums in Bielefeld stattfinden. altar@historisches-museum-bielefeld.de VORTR\u00c4GE: Samstag, 14. September 2024, 15.00 bis 16.30 Uhr. Der Referent Dr. Hanke Tammen Restauratorin Ludmila Henseler Konservierung und Restaurierung des Antwerpener Schnitzaltars: Sonntag, 15. September 2024, 15.00 bis 17.00 Uhr: Die Referentin Ludmila Henseler (Diplom-Restauratorin) Ute Westedt (Diplom-Restauratorin) Ort: Altst\u00e4dter Nicolaikirche, Bielefeld 500 Jahre Antwerpener Altar \u2013 Evangelischer Kirchenkreis Bielefeld (kirche-bielefeld.de)\" \/>\n<meta name=\"robots\" content=\"index, follow, max-snippet:-1, max-image-preview:large, max-video-preview:-1\" \/>\n<link rel=\"canonical\" href=\"https:\/\/art-restauro.de\/en\/draiflessen-collection-2-2\/\" \/>\n<meta property=\"og:locale\" content=\"en_GB\" \/>\n<meta property=\"og:type\" content=\"article\" \/>\n<meta property=\"og:title\" content=\"Draiflessen Collection - ART RESTAURO\" \/>\n<meta property=\"og:description\" content=\"500 j\u00e4hriges Jubil\u00e4um des Antwerpener Schnitzaltars aus der Altst\u00e4dter St. Nicolaikirche in Bielefeld EINLADUNG 500 Jahre Antwerpener Altar der Altst\u00e4dter Nicolaikirche \/\/ Vortr\u00e4ge Restaurierungsarbeiten 3D-Aufnahmen des ganzen Altars 3D- Projekt 3D- Brille Kooperation mit dem Historischen Museum in Bielefeld, mit dem F\u00f6rderkreis Altst\u00e4dter Nicolaikirche FAN, mit der Firma F7-Digital aus Leipzig, Pr\u00e4sentation und Erstauff\u00fchrung wird am Freitag, den 13. September 2024 (ab 11:00) in den R\u00e4umlichkeiten des Historischen Museums in Bielefeld stattfinden. altar@historisches-museum-bielefeld.de VORTR\u00c4GE: Samstag, 14. September 2024, 15.00 bis 16.30 Uhr. Der Referent Dr. Hanke Tammen Restauratorin Ludmila Henseler Konservierung und Restaurierung des Antwerpener Schnitzaltars: Sonntag, 15. September 2024, 15.00 bis 17.00 Uhr: Die Referentin Ludmila Henseler (Diplom-Restauratorin) Ute Westedt (Diplom-Restauratorin) Ort: Altst\u00e4dter Nicolaikirche, Bielefeld 500 Jahre Antwerpener Altar \u2013 Evangelischer Kirchenkreis Bielefeld (kirche-bielefeld.de)\" \/>\n<meta property=\"og:url\" content=\"https:\/\/art-restauro.de\/en\/draiflessen-collection-2-2\/\" \/>\n<meta property=\"og:site_name\" content=\"ART RESTAURO\" \/>\n<meta property=\"article:modified_time\" content=\"2025-05-05T09:52:09+00:00\" \/>\n<meta property=\"og:image\" content=\"https:\/\/art-restauro.de\/wp-content\/uploads\/2025\/04\/Screenshot-2025-04-19-185057.png\" \/>\n\t<meta property=\"og:image:width\" content=\"1164\" \/>\n\t<meta property=\"og:image:height\" content=\"800\" \/>\n\t<meta property=\"og:image:type\" content=\"image\/png\" \/>\n<meta name=\"twitter:card\" content=\"summary_large_image\" \/>\n<meta name=\"twitter:label1\" content=\"Estimated reading time\" \/>\n\t<meta name=\"twitter:data1\" content=\"3 minutes\" \/>\n<script type=\"application\/ld+json\" class=\"yoast-schema-graph\">{\"@context\":\"https:\\\/\\\/schema.org\",\"@graph\":[{\"@type\":\"WebPage\",\"@id\":\"https:\\\/\\\/art-restauro.de\\\/draiflessen-collection-2-2\\\/\",\"url\":\"https:\\\/\\\/art-restauro.de\\\/draiflessen-collection-2-2\\\/\",\"name\":\"Draiflessen Collection - ART RESTAURO\",\"isPartOf\":{\"@id\":\"https:\\\/\\\/art-restauro.de\\\/#website\"},\"primaryImageOfPage\":{\"@id\":\"https:\\\/\\\/art-restauro.de\\\/draiflessen-collection-2-2\\\/#primaryimage\"},\"image\":{\"@id\":\"https:\\\/\\\/art-restauro.de\\\/draiflessen-collection-2-2\\\/#primaryimage\"},\"thumbnailUrl\":\"https:\\\/\\\/art-restauro.de\\\/wp-content\\\/uploads\\\/2025\\\/04\\\/Screenshot-2025-04-19-185057.png\",\"datePublished\":\"2025-04-19T17:50:05+00:00\",\"dateModified\":\"2025-05-05T09:52:09+00:00\",\"description\":\"500 j\u00e4hriges Jubil\u00e4um des Antwerpener Schnitzaltars aus der Altst\u00e4dter St. Nicolaikirche in Bielefeld EINLADUNG 500 Jahre Antwerpener Altar der Altst\u00e4dter Nicolaikirche \\\/\\\/ Vortr\u00e4ge Restaurierungsarbeiten 3D-Aufnahmen des ganzen Altars 3D- Projekt 3D- Brille Kooperation mit dem Historischen Museum in Bielefeld, mit dem F\u00f6rderkreis Altst\u00e4dter Nicolaikirche FAN, mit der Firma F7-Digital aus Leipzig, Pr\u00e4sentation und Erstauff\u00fchrung wird am Freitag, den 13. September 2024 (ab 11:00) in den R\u00e4umlichkeiten des Historischen Museums in Bielefeld stattfinden. altar@historisches-museum-bielefeld.de VORTR\u00c4GE: Samstag, 14. September 2024, 15.00 bis 16.30 Uhr. Der Referent Dr. Hanke Tammen Restauratorin Ludmila Henseler Konservierung und Restaurierung des Antwerpener Schnitzaltars: Sonntag, 15. September 2024, 15.00 bis 17.00 Uhr: Die Referentin Ludmila Henseler (Diplom-Restauratorin) Ute Westedt (Diplom-Restauratorin) Ort: Altst\u00e4dter Nicolaikirche, Bielefeld 500 Jahre Antwerpener Altar \u2013 Evangelischer Kirchenkreis Bielefeld (kirche-bielefeld.de)\",\"breadcrumb\":{\"@id\":\"https:\\\/\\\/art-restauro.de\\\/draiflessen-collection-2-2\\\/#breadcrumb\"},\"inLanguage\":\"en-GB\",\"potentialAction\":[{\"@type\":\"ReadAction\",\"target\":[\"https:\\\/\\\/art-restauro.de\\\/draiflessen-collection-2-2\\\/\"]}]},{\"@type\":\"ImageObject\",\"inLanguage\":\"en-GB\",\"@id\":\"https:\\\/\\\/art-restauro.de\\\/draiflessen-collection-2-2\\\/#primaryimage\",\"url\":\"https:\\\/\\\/art-restauro.de\\\/wp-content\\\/uploads\\\/2025\\\/04\\\/Screenshot-2025-04-19-185057.png\",\"contentUrl\":\"https:\\\/\\\/art-restauro.de\\\/wp-content\\\/uploads\\\/2025\\\/04\\\/Screenshot-2025-04-19-185057.png\",\"width\":1164,\"height\":800,\"caption\":\"Unter der Oberfl\u00e4che, Tafelbilder und ihre Geheimnisse\"},{\"@type\":\"BreadcrumbList\",\"@id\":\"https:\\\/\\\/art-restauro.de\\\/draiflessen-collection-2-2\\\/#breadcrumb\",\"itemListElement\":[{\"@type\":\"ListItem\",\"position\":1,\"name\":\"Startseite\",\"item\":\"https:\\\/\\\/art-restauro.de\\\/\"},{\"@type\":\"ListItem\",\"position\":2,\"name\":\"Draiflessen Collection\"}]},{\"@type\":\"WebSite\",\"@id\":\"https:\\\/\\\/art-restauro.de\\\/#website\",\"url\":\"https:\\\/\\\/art-restauro.de\\\/\",\"name\":\"ART RESTAURO\",\"description\":\"Restaurierung von Gem\u00e4lden, Alt\u00e4ren, Tafelbildern und Holzplastiken\",\"publisher\":{\"@id\":\"https:\\\/\\\/art-restauro.de\\\/#organization\"},\"potentialAction\":[{\"@type\":\"SearchAction\",\"target\":{\"@type\":\"EntryPoint\",\"urlTemplate\":\"https:\\\/\\\/art-restauro.de\\\/?s={search_term_string}\"},\"query-input\":{\"@type\":\"PropertyValueSpecification\",\"valueRequired\":true,\"valueName\":\"search_term_string\"}}],\"inLanguage\":\"en-GB\"},{\"@type\":\"Organization\",\"@id\":\"https:\\\/\\\/art-restauro.de\\\/#organization\",\"name\":\"ART RESTAURO\",\"url\":\"https:\\\/\\\/art-restauro.de\\\/\",\"logo\":{\"@type\":\"ImageObject\",\"inLanguage\":\"en-GB\",\"@id\":\"https:\\\/\\\/art-restauro.de\\\/#\\\/schema\\\/logo\\\/image\\\/\",\"url\":\"https:\\\/\\\/art-restauro.de\\\/wp-content\\\/uploads\\\/2016\\\/01\\\/ar-favicon.png\",\"contentUrl\":\"https:\\\/\\\/art-restauro.de\\\/wp-content\\\/uploads\\\/2016\\\/01\\\/ar-favicon.png\",\"width\":60,\"height\":60,\"caption\":\"ART RESTAURO\"},\"image\":{\"@id\":\"https:\\\/\\\/art-restauro.de\\\/#\\\/schema\\\/logo\\\/image\\\/\"}}]}<\/script>\n<!-- \/ Yoast SEO plugin. -->","yoast_head_json":{"title":"Draiflessen Collection - ART RESTAURO","description":"500 j\u00e4hriges Jubil\u00e4um des Antwerpener Schnitzaltars aus der Altst\u00e4dter St. Nicolaikirche in Bielefeld EINLADUNG 500 Jahre Antwerpener Altar der Altst\u00e4dter Nicolaikirche \/\/ Vortr\u00e4ge Restaurierungsarbeiten 3D-Aufnahmen des ganzen Altars 3D- Projekt 3D- Brille Kooperation mit dem Historischen Museum in Bielefeld, mit dem F\u00f6rderkreis Altst\u00e4dter Nicolaikirche FAN, mit der Firma F7-Digital aus Leipzig, Pr\u00e4sentation und Erstauff\u00fchrung wird am Freitag, den 13. September 2024 (ab 11:00) in den R\u00e4umlichkeiten des Historischen Museums in Bielefeld stattfinden. altar@historisches-museum-bielefeld.de VORTR\u00c4GE: Samstag, 14. September 2024, 15.00 bis 16.30 Uhr. Der Referent Dr. Hanke Tammen Restauratorin Ludmila Henseler Konservierung und Restaurierung des Antwerpener Schnitzaltars: Sonntag, 15. September 2024, 15.00 bis 17.00 Uhr: Die Referentin Ludmila Henseler (Diplom-Restauratorin) Ute Westedt (Diplom-Restauratorin) Ort: Altst\u00e4dter Nicolaikirche, Bielefeld 500 Jahre Antwerpener Altar \u2013 Evangelischer Kirchenkreis Bielefeld (kirche-bielefeld.de)","robots":{"index":"index","follow":"follow","max-snippet":"max-snippet:-1","max-image-preview":"max-image-preview:large","max-video-preview":"max-video-preview:-1"},"canonical":"https:\/\/art-restauro.de\/en\/draiflessen-collection-2-2\/","og_locale":"en_GB","og_type":"article","og_title":"Draiflessen Collection - ART RESTAURO","og_description":"500 j\u00e4hriges Jubil\u00e4um des Antwerpener Schnitzaltars aus der Altst\u00e4dter St. Nicolaikirche in Bielefeld EINLADUNG 500 Jahre Antwerpener Altar der Altst\u00e4dter Nicolaikirche \/\/ Vortr\u00e4ge Restaurierungsarbeiten 3D-Aufnahmen des ganzen Altars 3D- Projekt 3D- Brille Kooperation mit dem Historischen Museum in Bielefeld, mit dem F\u00f6rderkreis Altst\u00e4dter Nicolaikirche FAN, mit der Firma F7-Digital aus Leipzig, Pr\u00e4sentation und Erstauff\u00fchrung wird am Freitag, den 13. September 2024 (ab 11:00) in den R\u00e4umlichkeiten des Historischen Museums in Bielefeld stattfinden. altar@historisches-museum-bielefeld.de VORTR\u00c4GE: Samstag, 14. September 2024, 15.00 bis 16.30 Uhr. Der Referent Dr. Hanke Tammen Restauratorin Ludmila Henseler Konservierung und Restaurierung des Antwerpener Schnitzaltars: Sonntag, 15. September 2024, 15.00 bis 17.00 Uhr: Die Referentin Ludmila Henseler (Diplom-Restauratorin) Ute Westedt (Diplom-Restauratorin) Ort: Altst\u00e4dter Nicolaikirche, Bielefeld 500 Jahre Antwerpener Altar \u2013 Evangelischer Kirchenkreis Bielefeld (kirche-bielefeld.de)","og_url":"https:\/\/art-restauro.de\/en\/draiflessen-collection-2-2\/","og_site_name":"ART RESTAURO","article_modified_time":"2025-05-05T09:52:09+00:00","og_image":[{"width":1164,"height":800,"url":"https:\/\/art-restauro.de\/wp-content\/uploads\/2025\/04\/Screenshot-2025-04-19-185057.png","type":"image\/png"}],"twitter_card":"summary_large_image","twitter_misc":{"Estimated reading time":"3 minutes"},"schema":{"@context":"https:\/\/schema.org","@graph":[{"@type":"WebPage","@id":"https:\/\/art-restauro.de\/draiflessen-collection-2-2\/","url":"https:\/\/art-restauro.de\/draiflessen-collection-2-2\/","name":"Draiflessen Collection - ART RESTAURO","isPartOf":{"@id":"https:\/\/art-restauro.de\/#website"},"primaryImageOfPage":{"@id":"https:\/\/art-restauro.de\/draiflessen-collection-2-2\/#primaryimage"},"image":{"@id":"https:\/\/art-restauro.de\/draiflessen-collection-2-2\/#primaryimage"},"thumbnailUrl":"https:\/\/art-restauro.de\/wp-content\/uploads\/2025\/04\/Screenshot-2025-04-19-185057.png","datePublished":"2025-04-19T17:50:05+00:00","dateModified":"2025-05-05T09:52:09+00:00","description":"500 j\u00e4hriges Jubil\u00e4um des Antwerpener Schnitzaltars aus der Altst\u00e4dter St. Nicolaikirche in Bielefeld EINLADUNG 500 Jahre Antwerpener Altar der Altst\u00e4dter Nicolaikirche \/\/ Vortr\u00e4ge Restaurierungsarbeiten 3D-Aufnahmen des ganzen Altars 3D- Projekt 3D- Brille Kooperation mit dem Historischen Museum in Bielefeld, mit dem F\u00f6rderkreis Altst\u00e4dter Nicolaikirche FAN, mit der Firma F7-Digital aus Leipzig, Pr\u00e4sentation und Erstauff\u00fchrung wird am Freitag, den 13. September 2024 (ab 11:00) in den R\u00e4umlichkeiten des Historischen Museums in Bielefeld stattfinden. altar@historisches-museum-bielefeld.de VORTR\u00c4GE: Samstag, 14. September 2024, 15.00 bis 16.30 Uhr. Der Referent Dr. Hanke Tammen Restauratorin Ludmila Henseler Konservierung und Restaurierung des Antwerpener Schnitzaltars: Sonntag, 15. September 2024, 15.00 bis 17.00 Uhr: Die Referentin Ludmila Henseler (Diplom-Restauratorin) Ute Westedt (Diplom-Restauratorin) Ort: Altst\u00e4dter Nicolaikirche, Bielefeld 500 Jahre Antwerpener Altar \u2013 Evangelischer Kirchenkreis Bielefeld (kirche-bielefeld.de)","breadcrumb":{"@id":"https:\/\/art-restauro.de\/draiflessen-collection-2-2\/#breadcrumb"},"inLanguage":"en-GB","potentialAction":[{"@type":"ReadAction","target":["https:\/\/art-restauro.de\/draiflessen-collection-2-2\/"]}]},{"@type":"ImageObject","inLanguage":"en-GB","@id":"https:\/\/art-restauro.de\/draiflessen-collection-2-2\/#primaryimage","url":"https:\/\/art-restauro.de\/wp-content\/uploads\/2025\/04\/Screenshot-2025-04-19-185057.png","contentUrl":"https:\/\/art-restauro.de\/wp-content\/uploads\/2025\/04\/Screenshot-2025-04-19-185057.png","width":1164,"height":800,"caption":"Unter der Oberfl\u00e4che, Tafelbilder und ihre Geheimnisse"},{"@type":"BreadcrumbList","@id":"https:\/\/art-restauro.de\/draiflessen-collection-2-2\/#breadcrumb","itemListElement":[{"@type":"ListItem","position":1,"name":"Startseite","item":"https:\/\/art-restauro.de\/"},{"@type":"ListItem","position":2,"name":"Draiflessen Collection"}]},{"@type":"WebSite","@id":"https:\/\/art-restauro.de\/#website","url":"https:\/\/art-restauro.de\/","name":"ART RESTAURO","description":"Restaurierung von Gem\u00e4lden, Alt\u00e4ren, Tafelbildern und Holzplastiken","publisher":{"@id":"https:\/\/art-restauro.de\/#organization"},"potentialAction":[{"@type":"SearchAction","target":{"@type":"EntryPoint","urlTemplate":"https:\/\/art-restauro.de\/?s={search_term_string}"},"query-input":{"@type":"PropertyValueSpecification","valueRequired":true,"valueName":"search_term_string"}}],"inLanguage":"en-GB"},{"@type":"Organization","@id":"https:\/\/art-restauro.de\/#organization","name":"ART RESTAURO","url":"https:\/\/art-restauro.de\/","logo":{"@type":"ImageObject","inLanguage":"en-GB","@id":"https:\/\/art-restauro.de\/#\/schema\/logo\/image\/","url":"https:\/\/art-restauro.de\/wp-content\/uploads\/2016\/01\/ar-favicon.png","contentUrl":"https:\/\/art-restauro.de\/wp-content\/uploads\/2016\/01\/ar-favicon.png","width":60,"height":60,"caption":"ART RESTAURO"},"image":{"@id":"https:\/\/art-restauro.de\/#\/schema\/logo\/image\/"}}]}},"_links":{"self":[{"href":"https:\/\/art-restauro.de\/en\/wp-json\/wp\/v2\/pages\/2652","targetHints":{"allow":["GET"]}}],"collection":[{"href":"https:\/\/art-restauro.de\/en\/wp-json\/wp\/v2\/pages"}],"about":[{"href":"https:\/\/art-restauro.de\/en\/wp-json\/wp\/v2\/types\/page"}],"author":[{"embeddable":true,"href":"https:\/\/art-restauro.de\/en\/wp-json\/wp\/v2\/users\/5"}],"replies":[{"embeddable":true,"href":"https:\/\/art-restauro.de\/en\/wp-json\/wp\/v2\/comments?post=2652"}],"version-history":[{"count":6,"href":"https:\/\/art-restauro.de\/en\/wp-json\/wp\/v2\/pages\/2652\/revisions"}],"predecessor-version":[{"id":2742,"href":"https:\/\/art-restauro.de\/en\/wp-json\/wp\/v2\/pages\/2652\/revisions\/2742"}],"wp:featuredmedia":[{"embeddable":true,"href":"https:\/\/art-restauro.de\/en\/wp-json\/wp\/v2\/media\/2630"}],"wp:attachment":[{"href":"https:\/\/art-restauro.de\/en\/wp-json\/wp\/v2\/media?parent=2652"}],"curies":[{"name":"wp","href":"https:\/\/api.w.org\/{rel}","templated":true}]}}